{"version":"1.0","provider_name":"roj-auf.de","provider_url":"https:\/\/roj-auf.de\/vi","author_name":"Ozan Alhas","author_url":"https:\/\/roj-auf.de\/vi\/author\/ozan\/","title":"Die 5 gr\u00f6\u00dften Mythen \u00fcber internationale Fachkr\u00e4fte","type":"rich","width":600,"height":338,"html":"<blockquote class=\"wp-embedded-content\" data-secret=\"X4Rw6QFe2h\"><a href=\"https:\/\/roj-auf.de\/vi\/allgemein\/die-5-groessten-mythen-ueber-internationale-fachkraefte\/\">5 quan ni\u1ec7m sai l\u1ea7m l\u1edbn nh\u1ea5t v\u1ec1 c\u00e1c chuy\u00ean gia qu\u1ed1c t\u1ebf<\/a><\/blockquote><iframe sandbox=\"allow-scripts\" security=\"restricted\" src=\"https:\/\/roj-auf.de\/vi\/allgemein\/die-5-groessten-mythen-ueber-internationale-fachkraefte\/embed\/#?secret=X4Rw6QFe2h\" width=\"600\" height=\"338\" title=\"&#8220;Die 5 gr\u00f6\u00dften Mythen \u00fcber internationale Fachkr\u00e4fte&#8221; &#8212; roj-auf.de\" data-secret=\"X4Rw6QFe2h\" frameborder=\"0\" marginwidth=\"0\" marginheight=\"0\" scrolling=\"no\" class=\"wp-embedded-content\"><\/iframe><script>\n\/*! This file is auto-generated *\/\n!function(d,l){\"use strict\";l.querySelector&&d.addEventListener&&\"undefined\"!=typeof URL&&(d.wp=d.wp||{},d.wp.receiveEmbedMessage||(d.wp.receiveEmbedMessage=function(e){var t=e.data;if((t||t.secret||t.message||t.value)&&!\/[^a-zA-Z0-9]\/.test(t.secret)){for(var s,r,n,a=l.querySelectorAll('iframe[data-secret=\"'+t.secret+'\"]'),o=l.querySelectorAll('blockquote[data-secret=\"'+t.secret+'\"]'),c=new RegExp(\"^https?:$\",\"i\"),i=0;i<o.length;i++)o[i].style.display=\"none\";for(i=0;i<a.length;i++)s=a[i],e.source===s.contentWindow&&(s.removeAttribute(\"style\"),\"height\"===t.message?(1e3<(r=parseInt(t.value,10))?r=1e3:~~r<200&&(r=200),s.height=r):\"link\"===t.message&&(r=new URL(s.getAttribute(\"src\")),n=new URL(t.value),c.test(n.protocol))&&n.host===r.host&&l.activeElement===s&&(d.top.location.href=t.value))}},d.addEventListener(\"message\",d.wp.receiveEmbedMessage,!1),l.addEventListener(\"DOMContentLoaded\",function(){for(var e,t,s=l.querySelectorAll(\"iframe.wp-embedded-content\"),r=0;r<s.length;r++)(t=(e=s[r]).getAttribute(\"data-secret\"))||(t=Math.random().toString(36).substring(2,12),e.src+=\"#?secret=\"+t,e.setAttribute(\"data-secret\",t)),e.contentWindow.postMessage({message:\"ready\",secret:t},\"*\")},!1)))}(window,document);\n<\/script>","thumbnail_url":"https:\/\/roj-auf.de\/wp-content\/uploads\/2025\/03\/city-germany-1024x847.png","thumbnail_width":1024,"thumbnail_height":847,"description":"Der Fachkr\u00e4ftemangel ist f\u00fcr viele Unternehmen in Deutschland eine gro\u00dfe Herausforderung. Internationale Talente k\u00f6nnten die L\u00f6sung sein \u2013 doch viele Arbeitgeber haben Vorurteile oder Bedenken. Wir kl\u00e4ren \u00fcber die f\u00fcnf gr\u00f6\u00dften Mythen auf. 1. \u201eInternationale Fachkr\u00e4fte sprechen kein Deutsch.\u201c Viele ausl\u00e4ndische Fachkr\u00e4fte bringen bereits Grundkenntnisse in Deutsch mit oder sind bereit, sich intensiv weiterzubilden. Zudem [&hellip;]"}